{"id":1277,"date":"2011-08-22T20:10:13","date_gmt":"2011-08-22T19:10:13","guid":{"rendered":"http:\/\/fotoklub-cakovec.hr\/wp\/?page_id=1277"},"modified":"2024-11-12T14:10:34","modified_gmt":"2024-11-12T13:10:34","slug":"radionice-osnova-digitalne-fotografije","status":"publish","type":"page","link":"https:\/\/fotoklub-cakovec.hr\/wp\/radionice\/osnovne\/radionice-osnova-digitalne-fotografije","title":{"rendered":"Radionica &#8220;Osnove digitalne fotografije&#8221;"},"content":{"rendered":"\n<figure class=\"wp-block-image size-large\"><a href=\"https:\/\/fotoklub-cakovec.hr\/wp\/wp-content\/uploads\/2024\/11\/radionica_ODF_vizual_2024.jpg\"><img fetchpriority=\"high\" decoding=\"async\" width=\"1024\" height=\"512\" src=\"https:\/\/fotoklub-cakovec.hr\/wp\/wp-content\/uploads\/2024\/11\/radionica_ODF_vizual_2024-1024x512.jpg\" alt=\"\" class=\"wp-image-7908 colorbox-1277\" srcset=\"https:\/\/fotoklub-cakovec.hr\/wp\/wp-content\/uploads\/2024\/11\/radionica_ODF_vizual_2024-1024x512.jpg 1024w, https:\/\/fotoklub-cakovec.hr\/wp\/wp-content\/uploads\/2024\/11\/radionica_ODF_vizual_2024-300x150.jpg 300w, https:\/\/fotoklub-cakovec.hr\/wp\/wp-content\/uploads\/2024\/11\/radionica_ODF_vizual_2024-768x384.jpg 768w, https:\/\/fotoklub-cakovec.hr\/wp\/wp-content\/uploads\/2024\/11\/radionica_ODF_vizual_2024-1536x768.jpg 1536w, https:\/\/fotoklub-cakovec.hr\/wp\/wp-content\/uploads\/2024\/11\/radionica_ODF_vizual_2024-800x400.jpg 800w, https:\/\/fotoklub-cakovec.hr\/wp\/wp-content\/uploads\/2024\/11\/radionica_ODF_vizual_2024-400x200.jpg 400w, https:\/\/fotoklub-cakovec.hr\/wp\/wp-content\/uploads\/2024\/11\/radionica_ODF_vizual_2024.jpg 2000w\" sizes=\"(max-width: 1024px) 100vw, 1024px\" \/><\/a><\/figure>\n\n\n<p><strong><strong>Termini: 7. i 14. prosinca 2024. (dvije subote zaredom), od 15 do 18 h<br \/><\/strong><\/strong><br \/><strong>Cijena radionice: 50,00 eura.<\/strong><\/p>\n<p><span style=\"color: #ff0000;\"><strong><a style=\"color: #ff0000;\" href=\"https:\/\/docs.google.com\/forms\/d\/e\/1FAIpQLSeLLX2daVUMYFkBfCmezeEFBe5Wk2kOgbWkHyWpPZYjywmMcg\/viewform?usp=sharing\" target=\"_blank\" rel=\"noopener\">PRIJAVI SE OVDJE<\/a><\/strong><\/span><\/p>\n<p>Voditelj radionice je na\u0161 \u010dlan <a href=\"http:\/\/davorin-mance.pixels.com\/\" target=\"_blank\" rel=\"noopener noreferrer\">Davorin Mance.<\/a><\/p>\n<table style=\"width: 100%; border-collapse: collapse;\" border=\"0\">\n<tbody>\n<tr>\n<td style=\"width: 347px;\"><a href=\"http:\/\/fotoklub-cakovec.hr\/wp\/wp-content\/uploads\/2019\/03\/mance_kvadrat.jpg\"><img decoding=\"async\" class=\"aligncenter size-medium wp-image-7352 colorbox-1277\" src=\"http:\/\/fotoklub-cakovec.hr\/wp\/wp-content\/uploads\/2019\/03\/mance_kvadrat-300x300.jpg\" alt=\"\" width=\"300\" height=\"300\" srcset=\"https:\/\/fotoklub-cakovec.hr\/wp\/wp-content\/uploads\/2019\/03\/mance_kvadrat-300x300.jpg 300w, https:\/\/fotoklub-cakovec.hr\/wp\/wp-content\/uploads\/2019\/03\/mance_kvadrat-150x150.jpg 150w, https:\/\/fotoklub-cakovec.hr\/wp\/wp-content\/uploads\/2019\/03\/mance_kvadrat-768x768.jpg 768w, https:\/\/fotoklub-cakovec.hr\/wp\/wp-content\/uploads\/2019\/03\/mance_kvadrat-490x490.jpg 490w, https:\/\/fotoklub-cakovec.hr\/wp\/wp-content\/uploads\/2019\/03\/mance_kvadrat-245x245.jpg 245w, https:\/\/fotoklub-cakovec.hr\/wp\/wp-content\/uploads\/2019\/03\/mance_kvadrat-24x24.jpg 24w, https:\/\/fotoklub-cakovec.hr\/wp\/wp-content\/uploads\/2019\/03\/mance_kvadrat-48x48.jpg 48w, https:\/\/fotoklub-cakovec.hr\/wp\/wp-content\/uploads\/2019\/03\/mance_kvadrat-96x96.jpg 96w, https:\/\/fotoklub-cakovec.hr\/wp\/wp-content\/uploads\/2019\/03\/mance_kvadrat.jpg 1000w\" sizes=\"(max-width: 300px) 100vw, 300px\" \/><\/a><\/td>\n<td style=\"width: 346px;\">\u00a0<\/td>\n<\/tr>\n<\/tbody>\n<\/table>\n<p>Radionica &#8220;Osnove digitalne fotografije&#8221; namijenjena je po\u010detnicima u fotografiji. Odr\u017eava se dvije subote zaredom, s po\u010detkom u 15 h.<br \/><strong><br \/>Mjesto odr\u017eavanja: Tehnolo\u0161ko-inovacijski centar Me\u0111imurje (TICM), u ulici Bana Josipa Jela\u010di\u0107a 22b (biv\u0161a vojarna, srednja zgrada).<br \/><\/strong><\/p>\n<hr \/>\n<p><strong>Ukratko o radionici:<\/strong><\/p>\n<p>&#8211; upoznajmo svoj fotoaparat (kako radi, funkcije, gumbi\u0107i, postavke, izbornici, itd.)<\/p>\n<p>&#8211; savladavanje osnovnih smjernica pri fotografiranju<\/p>\n<p>&#8211; osnove fotografiranja portreta, pejza\u017ea, arhitekture, akcije\/pokreta, sportske, dokumentarne i turisti\u010dke fotografije, no\u0107ni snimci,\u00a0makrofotografija<\/p>\n<p><img decoding=\"async\" class=\"wp-image-7507 size-large colorbox-1277\" src=\"http:\/\/fotoklub-cakovec.hr\/wp\/wp-content\/uploads\/2019\/10\/Radionica-1024x682.jpg\" alt=\"\" width=\"1024\" height=\"682\" srcset=\"https:\/\/fotoklub-cakovec.hr\/wp\/wp-content\/uploads\/2019\/10\/Radionica-1024x682.jpg 1024w, https:\/\/fotoklub-cakovec.hr\/wp\/wp-content\/uploads\/2019\/10\/Radionica-300x200.jpg 300w, https:\/\/fotoklub-cakovec.hr\/wp\/wp-content\/uploads\/2019\/10\/Radionica-768x512.jpg 768w, https:\/\/fotoklub-cakovec.hr\/wp\/wp-content\/uploads\/2019\/10\/Radionica-735x490.jpg 735w, https:\/\/fotoklub-cakovec.hr\/wp\/wp-content\/uploads\/2019\/10\/Radionica-368x245.jpg 368w, https:\/\/fotoklub-cakovec.hr\/wp\/wp-content\/uploads\/2019\/10\/Radionica.jpg 1772w\" sizes=\"(max-width: 1024px) 100vw, 1024px\" \/><\/p>\n<p>&#8211; bljeskalica &#8211; savjeti za \u0161to bolju fotografiju<\/p>\n<p>&#8211; savjete koju opremu koristiti, kada, kako i gdje&#8230;<\/p>\n<p>&#8230; i sve to uz prakti\u010dan rad na terenu i zatvorenom prostoru ( u slu\u010daju lo\u0161eg vremena).<\/p>\n<p><img loading=\"lazy\" decoding=\"async\" class=\"aligncenter size-medium wp-image-7508 colorbox-1277\" src=\"http:\/\/fotoklub-cakovec.hr\/wp\/wp-content\/uploads\/2019\/10\/IMG_20170919_183329-225x300.jpg\" alt=\"\" width=\"225\" height=\"300\" srcset=\"https:\/\/fotoklub-cakovec.hr\/wp\/wp-content\/uploads\/2019\/10\/IMG_20170919_183329-225x300.jpg 225w, https:\/\/fotoklub-cakovec.hr\/wp\/wp-content\/uploads\/2019\/10\/IMG_20170919_183329-768x1024.jpg 768w, https:\/\/fotoklub-cakovec.hr\/wp\/wp-content\/uploads\/2019\/10\/IMG_20170919_183329-368x490.jpg 368w, https:\/\/fotoklub-cakovec.hr\/wp\/wp-content\/uploads\/2019\/10\/IMG_20170919_183329-184x245.jpg 184w, https:\/\/fotoklub-cakovec.hr\/wp\/wp-content\/uploads\/2019\/10\/IMG_20170919_183329.jpg 1125w\" sizes=\"(max-width: 225px) 100vw, 225px\" \/><\/p>\n<p><strong>Ako nemate svoj fotoaparat, nemojte brinuti! Fotoklub \u010cakovec osigurava 5 kompleta vrhunskih DSLR fotoaparata s po dva objektiva za prakti\u010dni dio radionice.<\/strong><\/p>\n<p>Radionice su koncipirane tako da polaznike ne optere\u0107ujemo suhoparnim teoretskim predavanjima, nego iz prve ruke i prakti\u010dno pri\u010damo o fotografiji i fotografiranju, te sve isprobavamo u praksi na najjednostavniji mogu\u0107i na\u010din. Fotografirat \u0107ete po zadatku, te \u0107emo zajedno prokomentirati Va\u0161e fotografije.<\/p>\n<p>Predava\u010di se u izlaganju koriste i <a href=\"http:\/\/fotoklub-cakovec.hr\/wp\/narucite-knjige\" target=\"_blank\" rel=\"noopener noreferrer\">knjigama<\/a> u izdanju Fotokluba, koje polaznici mogu nabaviti kod predava\u010da po posebno povoljnoj cijeni koju smo osigurali za na\u0161e polaznike. <span style=\"text-decoration: underline;\">Ove godine svaki polaznik u cijeni radionice na poklon dobiva knjigu &#8220;Promi\u0161ljati fotografski&#8221;.<\/span><\/p>\n<p><a href=\"https:\/\/fotoklub-cakovec.hr\/wp\/narucite-knjige\/promisljati-fotografski\" target=\"_blank\" rel=\"noopener\"><img loading=\"lazy\" decoding=\"async\" class=\"aligncenter size-medium wp-image-7319 colorbox-1277\" src=\"http:\/\/fotoklub-cakovec.hr\/wp\/wp-content\/uploads\/2018\/10\/0_korice_promisljati_fotografski_drugo_izdanje_narancasto_web-300x288.jpg\" alt=\"\" width=\"300\" height=\"288\" srcset=\"https:\/\/fotoklub-cakovec.hr\/wp\/wp-content\/uploads\/2018\/10\/0_korice_promisljati_fotografski_drugo_izdanje_narancasto_web-300x288.jpg 300w, https:\/\/fotoklub-cakovec.hr\/wp\/wp-content\/uploads\/2018\/10\/0_korice_promisljati_fotografski_drugo_izdanje_narancasto_web-768x737.jpg 768w, https:\/\/fotoklub-cakovec.hr\/wp\/wp-content\/uploads\/2018\/10\/0_korice_promisljati_fotografski_drugo_izdanje_narancasto_web-511x490.jpg 511w, https:\/\/fotoklub-cakovec.hr\/wp\/wp-content\/uploads\/2018\/10\/0_korice_promisljati_fotografski_drugo_izdanje_narancasto_web-255x245.jpg 255w, https:\/\/fotoklub-cakovec.hr\/wp\/wp-content\/uploads\/2018\/10\/0_korice_promisljati_fotografski_drugo_izdanje_narancasto_web-24x24.jpg 24w, https:\/\/fotoklub-cakovec.hr\/wp\/wp-content\/uploads\/2018\/10\/0_korice_promisljati_fotografski_drugo_izdanje_narancasto_web.jpg 1000w\" sizes=\"(max-width: 300px) 100vw, 300px\" \/><\/a><\/p>\n<p>Uvjeti za prijavu:<\/p>\n<p>Ispunite ovu formu: <span style=\"color: #ff0000;\"><a style=\"color: #ff0000;\" href=\"https:\/\/docs.google.com\/forms\/d\/e\/1FAIpQLSeLLX2daVUMYFkBfCmezeEFBe5Wk2kOgbWkHyWpPZYjywmMcg\/viewform?usp=sharing\" target=\"_blank\" rel=\"noopener noreferrer\">Prijava<\/a><\/span><\/p>\n<p>Broj polaznika je ograni\u010den na najvi\u0161e 15.<\/p>\n<p>Za sve dodatne informacije obratite se na adresu: mancedavorin2@gmail.com\u00a0<\/p>","protected":false},"excerpt":{"rendered":"<p>Termini: 7. i 14. prosinca 2024. (dvije subote zaredom), od 15 do 18 hCijena radionice: 50,00 eura. PRIJAVI SE OVDJE Voditelj radionice je na\u0161 \u010dlan Davorin Mance. \u00a0 Radionica &#8220;Osnove digitalne fotografije&#8221; namijenjena je po\u010detnicima u fotografiji. Odr\u017eava se dvije subote zaredom, s po\u010detkom u 15 h.Mjesto odr\u017eavanja: Tehnolo\u0161ko-inovacijski centar Me\u0111imurje (TICM), u ulici Bana [&hellip;]<\/p>\n","protected":false},"author":6,"featured_media":0,"parent":6535,"menu_order":1,"comment_status":"open","ping_status":"open","template":"","meta":{"footnotes":""},"yoast_head":"<!-- This site is optimized with the Yoast SEO plugin v22.1 - https:\/\/yoast.com\/wordpress\/plugins\/seo\/ -->\n<title>Radionica &quot;Osnove digitalne fotografije&quot; - Fotoklub \u010cakovec<\/title>\n<meta name=\"description\" content=\"Prijavite se na radionicu &quot;Osnove digitalne fotografije&quot;! Voditelji su Davorin Mance i Davor \u017derjav, iskusni edukatori iz Fotokluba \u010cakovec.\" \/>\n<meta name=\"robots\" content=\"index, follow, max-snippet:-1, max-image-preview:large, max-video-preview:-1\" \/>\n<link rel=\"canonical\" href=\"https:\/\/fotoklub-cakovec.hr\/wp\/radionice\/osnovne\/radionice-osnova-digitalne-fotografije\" \/>\n<meta property=\"og:locale\" content=\"hr_HR\" \/>\n<meta property=\"og:type\" content=\"article\" \/>\n<meta property=\"og:title\" content=\"Radionica &quot;Osnove digitalne fotografije&quot; - Fotoklub \u010cakovec\" \/>\n<meta property=\"og:description\" content=\"Prijavite se na radionicu &quot;Osnove digitalne fotografije&quot;! Voditelji su Davorin Mance i Davor \u017derjav, iskusni edukatori iz Fotokluba \u010cakovec.\" \/>\n<meta property=\"og:url\" content=\"https:\/\/fotoklub-cakovec.hr\/wp\/radionice\/osnovne\/radionice-osnova-digitalne-fotografije\" \/>\n<meta property=\"og:site_name\" content=\"Fotoklub \u010cakovec\" \/>\n<meta property=\"article:modified_time\" content=\"2024-11-12T13:10:34+00:00\" \/>\n<meta property=\"og:image\" content=\"https:\/\/fotoklub-cakovec.hr\/wp\/wp-content\/uploads\/2022\/10\/radionica-ODF-2022a.jpg\" \/>\n\t<meta property=\"og:image:width\" content=\"2000\" \/>\n\t<meta property=\"og:image:height\" content=\"926\" \/>\n\t<meta property=\"og:image:type\" content=\"image\/jpeg\" \/>\n<meta name=\"twitter:card\" content=\"summary_large_image\" \/>\n<meta name=\"twitter:label1\" content=\"Procijenjeno vrijeme \u010ditanja\" \/>\n\t<meta name=\"twitter:data1\" content=\"3 minute\" \/>\n<script type=\"application\/ld+json\" class=\"yoast-schema-graph\">{\"@context\":\"https:\/\/schema.org\",\"@graph\":[{\"@type\":\"WebPage\",\"@id\":\"https:\/\/fotoklub-cakovec.hr\/wp\/radionice\/osnovne\/radionice-osnova-digitalne-fotografije\",\"url\":\"https:\/\/fotoklub-cakovec.hr\/wp\/radionice\/osnovne\/radionice-osnova-digitalne-fotografije\",\"name\":\"Radionica \\\"Osnove digitalne fotografije\\\" - Fotoklub \u010cakovec\",\"isPartOf\":{\"@id\":\"https:\/\/fotoklub-cakovec.hr\/wp\/#website\"},\"datePublished\":\"2011-08-22T19:10:13+00:00\",\"dateModified\":\"2024-11-12T13:10:34+00:00\",\"description\":\"Prijavite se na radionicu \\\"Osnove digitalne fotografije\\\"! Voditelji su Davorin Mance i Davor \u017derjav, iskusni edukatori iz Fotokluba \u010cakovec.\",\"breadcrumb\":{\"@id\":\"https:\/\/fotoklub-cakovec.hr\/wp\/radionice\/osnovne\/radionice-osnova-digitalne-fotografije#breadcrumb\"},\"inLanguage\":\"hr\",\"potentialAction\":[{\"@type\":\"ReadAction\",\"target\":[\"https:\/\/fotoklub-cakovec.hr\/wp\/radionice\/osnovne\/radionice-osnova-digitalne-fotografije\"]}]},{\"@type\":\"BreadcrumbList\",\"@id\":\"https:\/\/fotoklub-cakovec.hr\/wp\/radionice\/osnovne\/radionice-osnova-digitalne-fotografije#breadcrumb\",\"itemListElement\":[{\"@type\":\"ListItem\",\"position\":1,\"name\":\"Po\u010detna stranica\",\"item\":\"https:\/\/fotoklub-cakovec.hr\/wp\"},{\"@type\":\"ListItem\",\"position\":2,\"name\":\"Radionice\",\"item\":\"https:\/\/fotoklub-cakovec.hr\/wp\/radionice\"},{\"@type\":\"ListItem\",\"position\":3,\"name\":\"Osnovne\",\"item\":\"https:\/\/fotoklub-cakovec.hr\/wp\/radionice\/osnovne\"},{\"@type\":\"ListItem\",\"position\":4,\"name\":\"Radionica &#8220;Osnove digitalne fotografije&#8221;\"}]},{\"@type\":\"WebSite\",\"@id\":\"https:\/\/fotoklub-cakovec.hr\/wp\/#website\",\"url\":\"https:\/\/fotoklub-cakovec.hr\/wp\/\",\"name\":\"Fotoklub \u010cakovec\",\"description\":\"Slu\u017ebene internet stranice fotokluba \u010cakovec\",\"potentialAction\":[{\"@type\":\"SearchAction\",\"target\":{\"@type\":\"EntryPoint\",\"urlTemplate\":\"https:\/\/fotoklub-cakovec.hr\/wp\/?s={search_term_string}\"},\"query-input\":\"required name=search_term_string\"}],\"inLanguage\":\"hr\"}]}<\/script>\n<!-- \/ Yoast SEO plugin. -->","yoast_head_json":{"title":"Radionica \"Osnove digitalne fotografije\" - Fotoklub \u010cakovec","description":"Prijavite se na radionicu \"Osnove digitalne fotografije\"! Voditelji su Davorin Mance i Davor \u017derjav, iskusni edukatori iz Fotokluba \u010cakovec.","robots":{"index":"index","follow":"follow","max-snippet":"max-snippet:-1","max-image-preview":"max-image-preview:large","max-video-preview":"max-video-preview:-1"},"canonical":"https:\/\/fotoklub-cakovec.hr\/wp\/radionice\/osnovne\/radionice-osnova-digitalne-fotografije","og_locale":"hr_HR","og_type":"article","og_title":"Radionica \"Osnove digitalne fotografije\" - Fotoklub \u010cakovec","og_description":"Prijavite se na radionicu \"Osnove digitalne fotografije\"! Voditelji su Davorin Mance i Davor \u017derjav, iskusni edukatori iz Fotokluba \u010cakovec.","og_url":"https:\/\/fotoklub-cakovec.hr\/wp\/radionice\/osnovne\/radionice-osnova-digitalne-fotografije","og_site_name":"Fotoklub \u010cakovec","article_modified_time":"2024-11-12T13:10:34+00:00","og_image":[{"width":2000,"height":926,"url":"https:\/\/fotoklub-cakovec.hr\/wp\/wp-content\/uploads\/2022\/10\/radionica-ODF-2022a.jpg","type":"image\/jpeg"}],"twitter_card":"summary_large_image","twitter_misc":{"Procijenjeno vrijeme \u010ditanja":"3 minute"},"schema":{"@context":"https:\/\/schema.org","@graph":[{"@type":"WebPage","@id":"https:\/\/fotoklub-cakovec.hr\/wp\/radionice\/osnovne\/radionice-osnova-digitalne-fotografije","url":"https:\/\/fotoklub-cakovec.hr\/wp\/radionice\/osnovne\/radionice-osnova-digitalne-fotografije","name":"Radionica \"Osnove digitalne fotografije\" - Fotoklub \u010cakovec","isPartOf":{"@id":"https:\/\/fotoklub-cakovec.hr\/wp\/#website"},"datePublished":"2011-08-22T19:10:13+00:00","dateModified":"2024-11-12T13:10:34+00:00","description":"Prijavite se na radionicu \"Osnove digitalne fotografije\"! Voditelji su Davorin Mance i Davor \u017derjav, iskusni edukatori iz Fotokluba \u010cakovec.","breadcrumb":{"@id":"https:\/\/fotoklub-cakovec.hr\/wp\/radionice\/osnovne\/radionice-osnova-digitalne-fotografije#breadcrumb"},"inLanguage":"hr","potentialAction":[{"@type":"ReadAction","target":["https:\/\/fotoklub-cakovec.hr\/wp\/radionice\/osnovne\/radionice-osnova-digitalne-fotografije"]}]},{"@type":"BreadcrumbList","@id":"https:\/\/fotoklub-cakovec.hr\/wp\/radionice\/osnovne\/radionice-osnova-digitalne-fotografije#breadcrumb","itemListElement":[{"@type":"ListItem","position":1,"name":"Po\u010detna stranica","item":"https:\/\/fotoklub-cakovec.hr\/wp"},{"@type":"ListItem","position":2,"name":"Radionice","item":"https:\/\/fotoklub-cakovec.hr\/wp\/radionice"},{"@type":"ListItem","position":3,"name":"Osnovne","item":"https:\/\/fotoklub-cakovec.hr\/wp\/radionice\/osnovne"},{"@type":"ListItem","position":4,"name":"Radionica &#8220;Osnove digitalne fotografije&#8221;"}]},{"@type":"WebSite","@id":"https:\/\/fotoklub-cakovec.hr\/wp\/#website","url":"https:\/\/fotoklub-cakovec.hr\/wp\/","name":"Fotoklub \u010cakovec","description":"Slu\u017ebene internet stranice fotokluba \u010cakovec","potentialAction":[{"@type":"SearchAction","target":{"@type":"EntryPoint","urlTemplate":"https:\/\/fotoklub-cakovec.hr\/wp\/?s={search_term_string}"},"query-input":"required name=search_term_string"}],"inLanguage":"hr"}]}},"_links":{"self":[{"href":"https:\/\/fotoklub-cakovec.hr\/wp\/wp-json\/wp\/v2\/pages\/1277"}],"collection":[{"href":"https:\/\/fotoklub-cakovec.hr\/wp\/wp-json\/wp\/v2\/pages"}],"about":[{"href":"https:\/\/fotoklub-cakovec.hr\/wp\/wp-json\/wp\/v2\/types\/page"}],"author":[{"embeddable":true,"href":"https:\/\/fotoklub-cakovec.hr\/wp\/wp-json\/wp\/v2\/users\/6"}],"replies":[{"embeddable":true,"href":"https:\/\/fotoklub-cakovec.hr\/wp\/wp-json\/wp\/v2\/comments?post=1277"}],"version-history":[{"count":10,"href":"https:\/\/fotoklub-cakovec.hr\/wp\/wp-json\/wp\/v2\/pages\/1277\/revisions"}],"predecessor-version":[{"id":7912,"href":"https:\/\/fotoklub-cakovec.hr\/wp\/wp-json\/wp\/v2\/pages\/1277\/revisions\/7912"}],"up":[{"embeddable":true,"href":"https:\/\/fotoklub-cakovec.hr\/wp\/wp-json\/wp\/v2\/pages\/6535"}],"wp:attachment":[{"href":"https:\/\/fotoklub-cakovec.hr\/wp\/wp-json\/wp\/v2\/media?parent=1277"}],"curies":[{"name":"wp","href":"https:\/\/api.w.org\/{rel}","templated":true}]}}