{"version":"1.0","provider_name":"Fotoklub \u010cakovec","provider_url":"https:\/\/fotoklub-cakovec.hr\/wp","author_name":"Davor \u017derjav","author_url":"https:\/\/fotoklub-cakovec.hr\/wp\/author\/davorz","title":"Izlo\u017eba fotografija \u017deljka Hlebeca - Fa\u0161nik v \u010cakovcu - Fotoklub \u010cakovec","type":"rich","width":600,"height":338,"html":"<blockquote class=\"wp-embedded-content\" data-secret=\"HhPVHH2LZB\"><a href=\"https:\/\/fotoklub-cakovec.hr\/wp\/2023\/02\/izlozba-fotografija-zeljka-hlebeca-fasnik-v-cakovcu\">Izlo\u017eba fotografija \u017deljka Hlebeca &#8211; Fa\u0161nik v \u010cakovcu<\/a><\/blockquote><iframe sandbox=\"allow-scripts\" security=\"restricted\" src=\"https:\/\/fotoklub-cakovec.hr\/wp\/2023\/02\/izlozba-fotografija-zeljka-hlebeca-fasnik-v-cakovcu\/embed#?secret=HhPVHH2LZB\" width=\"600\" height=\"338\" title=\"&#8220;Izlo\u017eba fotografija \u017deljka Hlebeca &#8211; Fa\u0161nik v \u010cakovcu&#8221; &#8212; Fotoklub \u010cakovec\" data-secret=\"HhPVHH2LZB\" frameborder=\"0\" marginwidth=\"0\" marginheight=\"0\" scrolling=\"no\" class=\"wp-embedded-content\"><\/iframe><script type=\"text\/javascript\">\n\/* <![CDATA[ *\/\n\/*! This file is auto-generated *\/\n!function(d,l){\"use strict\";l.querySelector&&d.addEventListener&&\"undefined\"!=typeof URL&&(d.wp=d.wp||{},d.wp.receiveEmbedMessage||(d.wp.receiveEmbedMessage=function(e){var t=e.data;if((t||t.secret||t.message||t.value)&&!\/[^a-zA-Z0-9]\/.test(t.secret)){for(var s,r,n,a=l.querySelectorAll('iframe[data-secret=\"'+t.secret+'\"]'),o=l.querySelectorAll('blockquote[data-secret=\"'+t.secret+'\"]'),c=new RegExp(\"^https?:$\",\"i\"),i=0;i<o.length;i++)o[i].style.display=\"none\";for(i=0;i<a.length;i++)s=a[i],e.source===s.contentWindow&&(s.removeAttribute(\"style\"),\"height\"===t.message?(1e3<(r=parseInt(t.value,10))?r=1e3:~~r<200&&(r=200),s.height=r):\"link\"===t.message&&(r=new URL(s.getAttribute(\"src\")),n=new URL(t.value),c.test(n.protocol))&&n.host===r.host&&l.activeElement===s&&(d.top.location.href=t.value))}},d.addEventListener(\"message\",d.wp.receiveEmbedMessage,!1),l.addEventListener(\"DOMContentLoaded\",function(){for(var e,t,s=l.querySelectorAll(\"iframe.wp-embedded-content\"),r=0;r<s.length;r++)(t=(e=s[r]).getAttribute(\"data-secret\"))||(t=Math.random().toString(36).substring(2,12),e.src+=\"#?secret=\"+t,e.setAttribute(\"data-secret\",t)),e.contentWindow.postMessage({message:\"ready\",secret:t},\"*\")},!1)))}(window,document);\n\/* ]]> *\/\n<\/script>\n","description":"\u010clan Fotokluba \u010cakovec \u017deljko Hlebec u dvorani Scheier u sklopu manifestacije Me\u0111imurski fa\u0161nik u \u010cakovcu izlo\u017eio je dokumentarne fotografije fa\u0161nika snimljene osamdesetih godina XX. stolje\u0107a. Kako se ove godine obilje\u017eava 60. godi\u0161njica Me\u0111imurskog fa\u0161nika u \u010cakovcu, Hlebec se svojim fotografijama savr\u0161eno uklopio u program ovogodi\u0161nje manifestacije.","thumbnail_url":"https:\/\/fotoklub-cakovec.hr\/wp\/wp-content\/uploads\/2023\/02\/20230216_184026.jpg"}