{"version":"1.0","provider_name":"Fotoklub \u010cakovec","provider_url":"https:\/\/fotoklub-cakovec.hr\/wp","author_name":"Filip Lu\u010din","author_url":"https:\/\/fotoklub-cakovec.hr\/wp\/author\/filiplucin","title":"Zoran Kolari\u0107 : \u201e\u010covjek i grad\u201c, izlo\u017eba fotografija - Fotoklub \u010cakovec","type":"rich","width":600,"height":338,"html":"<blockquote class=\"wp-embedded-content\" data-secret=\"zP7xoAiXAd\"><a href=\"https:\/\/fotoklub-cakovec.hr\/wp\/2022\/01\/zoran-kolaric-covjek-i-grad-izlozba-fotografija\">Zoran Kolari\u0107 : \u201e\u010covjek i grad\u201c, izlo\u017eba fotografija<\/a><\/blockquote><iframe sandbox=\"allow-scripts\" security=\"restricted\" src=\"https:\/\/fotoklub-cakovec.hr\/wp\/2022\/01\/zoran-kolaric-covjek-i-grad-izlozba-fotografija\/embed#?secret=zP7xoAiXAd\" width=\"600\" height=\"338\" title=\"&#8220;Zoran Kolari\u0107 : \u201e\u010covjek i grad\u201c, izlo\u017eba fotografija&#8221; &#8212; Fotoklub \u010cakovec\" data-secret=\"zP7xoAiXAd\" frameborder=\"0\" marginwidth=\"0\" marginheight=\"0\" scrolling=\"no\" class=\"wp-embedded-content\"><\/iframe><script type=\"text\/javascript\">\n\/* <![CDATA[ *\/\n\/*! This file is auto-generated *\/\n!function(d,l){\"use strict\";l.querySelector&&d.addEventListener&&\"undefined\"!=typeof URL&&(d.wp=d.wp||{},d.wp.receiveEmbedMessage||(d.wp.receiveEmbedMessage=function(e){var t=e.data;if((t||t.secret||t.message||t.value)&&!\/[^a-zA-Z0-9]\/.test(t.secret)){for(var s,r,n,a=l.querySelectorAll('iframe[data-secret=\"'+t.secret+'\"]'),o=l.querySelectorAll('blockquote[data-secret=\"'+t.secret+'\"]'),c=new RegExp(\"^https?:$\",\"i\"),i=0;i<o.length;i++)o[i].style.display=\"none\";for(i=0;i<a.length;i++)s=a[i],e.source===s.contentWindow&&(s.removeAttribute(\"style\"),\"height\"===t.message?(1e3<(r=parseInt(t.value,10))?r=1e3:~~r<200&&(r=200),s.height=r):\"link\"===t.message&&(r=new URL(s.getAttribute(\"src\")),n=new URL(t.value),c.test(n.protocol))&&n.host===r.host&&l.activeElement===s&&(d.top.location.href=t.value))}},d.addEventListener(\"message\",d.wp.receiveEmbedMessage,!1),l.addEventListener(\"DOMContentLoaded\",function(){for(var e,t,s=l.querySelectorAll(\"iframe.wp-embedded-content\"),r=0;r<s.length;r++)(t=(e=s[r]).getAttribute(\"data-secret\"))||(t=Math.random().toString(36).substring(2,12),e.src+=\"#?secret=\"+t,e.setAttribute(\"data-secret\",t)),e.contentWindow.postMessage({message:\"ready\",secret:t},\"*\")},!1)))}(window,document);\n\/* ]]> *\/\n<\/script>\n","description":"Izlo\u017eba fotografija u Muzeju Me\u0111imurja \u010cakovec, od 11.2. - 13.3.2022. Izlo\u017eba je nastala u gradovima: Istanbul, Pula, Prag, \u0160ibenik. Lisabon, San Marino, Rimini, Skopje, \u010cakovec, Zagreb, Buje, Subotica.","thumbnail_url":"https:\/\/fotoklub-cakovec.hr\/wp\/wp-content\/uploads\/2022\/01\/2j9p4jne.bmp"}