{"version":"1.0","provider_name":"Fotoklub \u010cakovec","provider_url":"https:\/\/fotoklub-cakovec.hr\/wp","author_name":"urednik","author_url":"https:\/\/fotoklub-cakovec.hr\/wp\/author\/urednik","title":"Zavr\u0161ila jo\u0161 jedna ljetna \u0161kola fotografije - Fotoklub \u010cakovec","type":"rich","width":600,"height":338,"html":"<blockquote class=\"wp-embedded-content\" data-secret=\"LjKty9CDsP\"><a href=\"https:\/\/fotoklub-cakovec.hr\/wp\/2019\/09\/zavrsila-jos-jedna-ljetna-skola-fotografije\">Zavr\u0161ila jo\u0161 jedna ljetna \u0161kola fotografije<\/a><\/blockquote><iframe sandbox=\"allow-scripts\" security=\"restricted\" src=\"https:\/\/fotoklub-cakovec.hr\/wp\/2019\/09\/zavrsila-jos-jedna-ljetna-skola-fotografije\/embed#?secret=LjKty9CDsP\" width=\"600\" height=\"338\" title=\"&#8220;Zavr\u0161ila jo\u0161 jedna ljetna \u0161kola fotografije&#8221; &#8212; Fotoklub \u010cakovec\" data-secret=\"LjKty9CDsP\" frameborder=\"0\" marginwidth=\"0\" marginheight=\"0\" scrolling=\"no\" class=\"wp-embedded-content\"><\/iframe><script type=\"text\/javascript\">\n\/* <![CDATA[ *\/\n\/*! This file is auto-generated *\/\n!function(d,l){\"use strict\";l.querySelector&&d.addEventListener&&\"undefined\"!=typeof URL&&(d.wp=d.wp||{},d.wp.receiveEmbedMessage||(d.wp.receiveEmbedMessage=function(e){var t=e.data;if((t||t.secret||t.message||t.value)&&!\/[^a-zA-Z0-9]\/.test(t.secret)){for(var s,r,n,a=l.querySelectorAll('iframe[data-secret=\"'+t.secret+'\"]'),o=l.querySelectorAll('blockquote[data-secret=\"'+t.secret+'\"]'),c=new RegExp(\"^https?:$\",\"i\"),i=0;i<o.length;i++)o[i].style.display=\"none\";for(i=0;i<a.length;i++)s=a[i],e.source===s.contentWindow&&(s.removeAttribute(\"style\"),\"height\"===t.message?(1e3<(r=parseInt(t.value,10))?r=1e3:~~r<200&&(r=200),s.height=r):\"link\"===t.message&&(r=new URL(s.getAttribute(\"src\")),n=new URL(t.value),c.test(n.protocol))&&n.host===r.host&&l.activeElement===s&&(d.top.location.href=t.value))}},d.addEventListener(\"message\",d.wp.receiveEmbedMessage,!1),l.addEventListener(\"DOMContentLoaded\",function(){for(var e,t,s=l.querySelectorAll(\"iframe.wp-embedded-content\"),r=0;r<s.length;r++)(t=(e=s[r]).getAttribute(\"data-secret\"))||(t=Math.random().toString(36).substring(2,12),e.src+=\"#?secret=\"+t,e.setAttribute(\"data-secret\",t)),e.contentWindow.postMessage({message:\"ready\",secret:t},\"*\")},!1)))}(window,document);\n\/* ]]> *\/\n<\/script>\n","description":"Upravo pred sam po\u010detak nove \u0161kolske godine, Fotoklub \u010cakovec priveo je kraju 6. po redu \u201eLjetnu \u0161kolu fotografije za djecu od 10 do 18 godina\u201c. Projekt je to koji Fotoklub provodi u partnerstvu s Tehnolo\u0161ko inovacijskim centrom Me\u0111imurje i Me\u0111imurskom \u017eupanijom. TICM osigurava prostorne uvjete i dio opreme za radionice, a Me\u0111imurska \u017eupanija od prve [&hellip;]","thumbnail_url":"http:\/\/fotoklub-cakovec.hr\/wp\/wp-content\/uploads\/2019\/09\/01.jpg"}