{"version":"1.0","provider_name":"Fotoklub \u010cakovec","provider_url":"https:\/\/fotoklub-cakovec.hr\/wp","author_name":"Davor \u017derjav","author_url":"https:\/\/fotoklub-cakovec.hr\/wp\/author\/davorz","title":"Projekt LICA kre\u0107e u subotu 25. svibnja! - Fotoklub \u010cakovec","type":"rich","width":600,"height":338,"html":"<blockquote class=\"wp-embedded-content\" data-secret=\"bV14IjXDX1\"><a href=\"https:\/\/fotoklub-cakovec.hr\/wp\/2013\/05\/projekt-lica-krece-u-subotu-25-svibnja\">Projekt LICA kre\u0107e u subotu 25. svibnja!<\/a><\/blockquote><iframe sandbox=\"allow-scripts\" security=\"restricted\" src=\"https:\/\/fotoklub-cakovec.hr\/wp\/2013\/05\/projekt-lica-krece-u-subotu-25-svibnja\/embed#?secret=bV14IjXDX1\" width=\"600\" height=\"338\" title=\"&#8220;Projekt LICA kre\u0107e u subotu 25. svibnja!&#8221; &#8212; Fotoklub \u010cakovec\" data-secret=\"bV14IjXDX1\" frameborder=\"0\" marginwidth=\"0\" marginheight=\"0\" scrolling=\"no\" class=\"wp-embedded-content\"><\/iframe><script type=\"text\/javascript\">\n\/* <![CDATA[ *\/\n\/*! This file is auto-generated *\/\n!function(d,l){\"use strict\";l.querySelector&&d.addEventListener&&\"undefined\"!=typeof URL&&(d.wp=d.wp||{},d.wp.receiveEmbedMessage||(d.wp.receiveEmbedMessage=function(e){var t=e.data;if((t||t.secret||t.message||t.value)&&!\/[^a-zA-Z0-9]\/.test(t.secret)){for(var s,r,n,a=l.querySelectorAll('iframe[data-secret=\"'+t.secret+'\"]'),o=l.querySelectorAll('blockquote[data-secret=\"'+t.secret+'\"]'),c=new RegExp(\"^https?:$\",\"i\"),i=0;i<o.length;i++)o[i].style.display=\"none\";for(i=0;i<a.length;i++)s=a[i],e.source===s.contentWindow&&(s.removeAttribute(\"style\"),\"height\"===t.message?(1e3<(r=parseInt(t.value,10))?r=1e3:~~r<200&&(r=200),s.height=r):\"link\"===t.message&&(r=new URL(s.getAttribute(\"src\")),n=new URL(t.value),c.test(n.protocol))&&n.host===r.host&&l.activeElement===s&&(d.top.location.href=t.value))}},d.addEventListener(\"message\",d.wp.receiveEmbedMessage,!1),l.addEventListener(\"DOMContentLoaded\",function(){for(var e,t,s=l.querySelectorAll(\"iframe.wp-embedded-content\"),r=0;r<s.length;r++)(t=(e=s[r]).getAttribute(\"data-secret\"))||(t=Math.random().toString(36).substring(2,12),e.src+=\"#?secret=\"+t,e.setAttribute(\"data-secret\",t)),e.contentWindow.postMessage({message:\"ready\",secret:t},\"*\")},!1)))}(window,document);\n\/* ]]> *\/\n<\/script>\n","description":"\u00a0U subotu 25. svibnja od 9 do 13 sati termin je prvog javnog snimanja portreta u sklopu projekta LICA. Radi se o umjetni\u010dkom nekomercijalnom projektu autora Davora \u017derjava u organizaciji Fotokluba \u010cakovec i u suradnji s TICM-om.\u00a0Fotografije se prikupljaju za fotografsku izlo\u017ebu koja \u0107e se organizirati 2014.\/2015. Fotografiranje se vr\u0161i u prostorijama TICM-a na adresi: [&hellip;]","thumbnail_url":"http:\/\/fotoklub-cakovec.hr\/wp\/wp-content\/uploads\/2013\/05\/lica_promo1-300x200.jpg"}