{"version":"1.0","provider_name":"Fotoklub \u010cakovec","provider_url":"https:\/\/fotoklub-cakovec.hr\/wp","author_name":"Davorin Mance","author_url":"https:\/\/fotoklub-cakovec.hr\/wp\/author\/dadek","title":"Tisu\u0107e nijansi sive&hellip; - Fotoklub \u010cakovec","type":"rich","width":600,"height":338,"html":"<blockquote class=\"wp-embedded-content\" data-secret=\"bcR1nNG0mc\"><a href=\"https:\/\/fotoklub-cakovec.hr\/wp\/2013\/01\/tisuce-nijansi-sive\">Tisu\u0107e nijansi sive&hellip;<\/a><\/blockquote><iframe sandbox=\"allow-scripts\" security=\"restricted\" src=\"https:\/\/fotoklub-cakovec.hr\/wp\/2013\/01\/tisuce-nijansi-sive\/embed#?secret=bcR1nNG0mc\" width=\"600\" height=\"338\" title=\"&#8220;Tisu\u0107e nijansi sive&hellip;&#8221; &#8212; Fotoklub \u010cakovec\" data-secret=\"bcR1nNG0mc\" frameborder=\"0\" marginwidth=\"0\" marginheight=\"0\" scrolling=\"no\" class=\"wp-embedded-content\"><\/iframe><script type=\"text\/javascript\">\n\/* <![CDATA[ *\/\n\/*! This file is auto-generated *\/\n!function(d,l){\"use strict\";l.querySelector&&d.addEventListener&&\"undefined\"!=typeof URL&&(d.wp=d.wp||{},d.wp.receiveEmbedMessage||(d.wp.receiveEmbedMessage=function(e){var t=e.data;if((t||t.secret||t.message||t.value)&&!\/[^a-zA-Z0-9]\/.test(t.secret)){for(var s,r,n,a=l.querySelectorAll('iframe[data-secret=\"'+t.secret+'\"]'),o=l.querySelectorAll('blockquote[data-secret=\"'+t.secret+'\"]'),c=new RegExp(\"^https?:$\",\"i\"),i=0;i<o.length;i++)o[i].style.display=\"none\";for(i=0;i<a.length;i++)s=a[i],e.source===s.contentWindow&&(s.removeAttribute(\"style\"),\"height\"===t.message?(1e3<(r=parseInt(t.value,10))?r=1e3:~~r<200&&(r=200),s.height=r):\"link\"===t.message&&(r=new URL(s.getAttribute(\"src\")),n=new URL(t.value),c.test(n.protocol))&&n.host===r.host&&l.activeElement===s&&(d.top.location.href=t.value))}},d.addEventListener(\"message\",d.wp.receiveEmbedMessage,!1),l.addEventListener(\"DOMContentLoaded\",function(){for(var e,t,s=l.querySelectorAll(\"iframe.wp-embedded-content\"),r=0;r<s.length;r++)(t=(e=s[r]).getAttribute(\"data-secret\"))||(t=Math.random().toString(36).substring(2,12),e.src+=\"#?secret=\"+t,e.setAttribute(\"data-secret\",t)),e.contentWindow.postMessage({message:\"ready\",secret:t},\"*\")},!1)))}(window,document);\n\/* ]]> *\/\n<\/script>\n","description":"\u2026 i dvije krajnosti, crna i bijela. Okru\u017eeni bojama nau\u010deni smo tako gledati svijet. Boje nas okupiraju pa manje pa\u017enje posve\u0107ujemo plohama, teksturama, kompoziciji te odnosu svjetla i sjene.\u00a0 Stoga ve\u0107ina ljudi pri pomisli na crno bijelu fotografiju istu do\u017eivljava kao umjetni\u010dku jer nju treba pomnije promatrati, razmi\u0161ljati o njoj, jer je ona izostankom boje [&hellip;]","thumbnail_url":"http:\/\/fotoklub-cakovec.hr\/wp\/wp-content\/uploads\/2013\/01\/naslovna_thumb1.jpg"}